{"id":1464,"date":"2019-12-25T22:51:56","date_gmt":"2019-12-25T21:51:56","guid":{"rendered":"http:\/\/esperanto.pl\/?page_id=1464"},"modified":"2024-04-10T13:10:18","modified_gmt":"2024-04-10T12:10:18","slug":"kalendaro-2019","status":"publish","type":"page","link":"https:\/\/esperanto.pl\/pl\/eventoj\/kalendaro-2019","title":{"rendered":"Kalendarz 2019"},"content":{"rendered":"<p><img loading=\"lazy\" decoding=\"async\" class=\" wp-image-286 alignleft\" src=\"http:\/\/esperanto.pl\/wp-content\/uploads\/2017\/12\/kalendaro.jpg\" alt=\"\" width=\"39\" height=\"39\" srcset=\"https:\/\/esperanto.pl\/wp-content\/uploads\/2017\/12\/kalendaro.jpg 256w, https:\/\/esperanto.pl\/wp-content\/uploads\/2017\/12\/kalendaro-150x150.jpg 150w\" sizes=\"auto, (max-width: 39px) 100vw, 39px\" \/>Polski Zwi\u0105zek Esperantyst\u00f3w publikuj\u0105c list\u0119 esperanckich imprez w Polsce chce wp\u0142ywa\u0107 na ich koordynacj\u0119. Prosimy wszystkich organizator\u00f3w, aby najpierw przeczytali t\u0119 list\u0119, a potem zdecydowali czy w wybranym czasie jest mo\u017cliwe zorganizowanie imprezy. Prosimy tak\u017ce, je\u017celi ju\u017c znacie dat\u0119 swojej imprezy o poinformowanie nas o tym. Informacja o waszej imprezie niebawem si\u0119 uka\u017ce.<\/p>\n<h3 style=\"text-align: center;\">Popularne Esperanto-imprezy w Polsce w 2019<\/h3>\n<p>&nbsp;<\/p>\n<table>\n<tbody>\n<tr>\n<td width=\"120\"><b>Data<\/b><\/td>\n<td width=\"380\"><b>Impreza<\/b><\/td>\n<td width=\"380\"><b>Oragnizatorzy<\/b><\/td>\n<\/tr>\n<tr>\n<td>29-31.03.2019<\/td>\n<td>PEJ &#8211; koniec tygodnia w \u0141odzi<\/td>\n<td>Polska M\u0142odzie\u017c Esperancka, <a href=\"http:\/\/www.junularo.pl\">www.junularo.pl<\/a><\/td>\n<\/tr>\n<tr>\n<td>26-28.04.2019<\/td>\n<td>6. Wiosna Esperancka w Szczecinie<\/td>\n<td>Oddzia\u0142 Polskiego Zwi\u0105zku Esperantyst\u00f3w w Szczecinie, <a href=\"mailto:lobacz.k@onet.eu\">lobacz.k@onet.eu<\/a><\/td>\n<\/tr>\n<tr>\n<td>23-30.05.2019<\/td>\n<td>4. Mi\u0119dzynarodowe Majowe Spotkanie we Wroc\u0142awiu &#8211; Z\u0142otoryji<\/td>\n<td>Centrum Edukacji Mi\u0119dzykulturowej \/ <a href=\"mailto:informado.eo@gmail.com\">informado.eo@gmail.com<\/a> \/ Ma\u0142gosia Komarnicka<\/td>\n<\/tr>\n<tr>\n<td>23.05.2019<\/td>\n<td>5. Mi\u0119dzynarodowe Sympozium, Wroc\u0142aw<br \/>\nTemo: Esperanto &#8211; rozw\u00f3j ludzkiej osobowo\u015bci od m\u0142odo\u015bci do trzeciego wieku <\/td>\n<td>Centrum Edukacji Mi\u0119dzykulturowej\/ <a href=\"mailto:informado.eo@gmail.com\">informado.eo@gmail.com<\/a> \/ Ma\u0142gosia Komarnicka<\/td>\n<\/tr>\n<tr>\n<td>25-26.05.2019<\/td>\n<td>7. Europejski Festiwal Piosenek Esperanckich, Wroc\u0142aw w: Filharmonia, ul. Pi\u0142sudskiego 19<\/td>\n<td>Centrum Edukacji Mi\u0119dzykulturowej \/ <a href=\"mailto:informado.eo@gmail.com\">informado.eo@gmail.com<\/a> \/ Ma\u0142gosia Komarnicka<\/td>\n<\/tr>\n<tr>\n<td>11.06.2019<\/td>\n<td>Esperanckie stoisko podczas 23. Naukowego Pikniku w Warszawie przy Stadionie Narodowym \u201ePGE Narodowy\u201d<\/td>\n<td>Warszawski  Oddzia\u0142 Polskiego Zwi\u0105zku Esperantyst\u00f3w, <a href=\"mailto:alvamo@wp.pl\">alvamo@wp.pl<\/a><\/td>\n<\/tr>\n<tr>\n<td>15.06.2019<\/td>\n<td>Zwiedzanie Sztolni Dziedzicznej &#8222;Kr\u00f3lowa Luiza&#8221; w Zabrzu<\/td>\n<td>PZE-oddzia\u0142 w Gliwicach, Aleksander Zdechlik, <a href=\"mailto:aleksander.zdechlik@gmail.com\">aleksander.zdechlik@gmail.com<\/a><\/td>\n<\/tr>\n<tr>\n<td>16.06.2019<\/td>\n<td>Spotkanie na Czantorii Wielkiej w Beskidach<\/td>\n<td><a href=\"mailto:suchanekj@seznam.cz\">suchanekj@seznam.cz<\/a><\/td>\n<\/tr>\n<tr>\n<td>7-18.06.2019<\/td>\n<td>41. Nadba\u0142tycka Wiosna Esperancka  w Mielnie<\/td>\n<td>Oddzia\u0142 Polskiego Zwi\u0105zku Esperantyst\u00f3w w Gliwicach, stanislaw.mandrak@gmail.com, <a href=\"http:\/\/esperanto.cba.pl\/\">http:\/\/esperanto.cba.pl\/<\/a><\/td>\n<\/tr>\n<tr>\n<td>31.05-02.06.2019<\/td>\n<td>38. Polski Kongres Esperancki w \u0141ochowie<\/td>\n<td>Zarz\u0105d Polskiego Zwi\u0105zku Esperantyst\u00f3w <a href=\"mailto:estraro@esperanto.pl\">estraro@esperanto.pl<\/a>, <a href=\"http:\/\/www.esperanto.pl\">http:\/\/www.esperanto.pl<\/a>\/<\/td>\n<\/tr>\n<tr>\n<td>27.07.-05.08.2019<\/td>\n<td>Mi\u0119dzynarodowa M\u0142odzie\u017cowa Kultura, Wymiana Pollando \u2013 Litovio. 15. rocznica cz\u0142onkostwa  obu kraj\u00f3w w UE <\/td>\n<td>Centrum Edukacji Mi\u0119dzykulturowej w Nowym S\u0105czu,<br \/>\n<a href=\"mailto:halinakomar@gmail.com\">halinakomar@gmail.com<\/a><\/td>\n<\/tr>\n<tr>\n<td>26.07.-04.08.2019<\/td>\n<td>Esperanckie stoisko podczas PolAndRock Festival w Kostrzynie nad rzek\u0105 Odra.<\/td>\n<td>Spotkanie podczas rokmuzikfestivalo Andi M\u00fcnchow, <a href=\"mailto:andim@gmx.li\">andim@gmx.li<\/a><\/td>\n<\/tr>\n<tr>\n<td>30.08-07.09.2019<\/td>\n<td>52-a Mi\u0119dzynarodowe Esperancie  Ferie w L\u0105dku Zdroju<\/td>\n<td>\u015al\u0105ski Zwi\u0105zek Esperantyst\u00f3w, Teresa Pomorska, <a href=\"mailto:pomer@wp.pl\">pomer@wp.pl<\/a><\/td>\n<\/tr>\n<tr>\n<td>13-15.09.2019<\/td>\n<td>Esperanto Na Pla\u017cy &#8211; 2019, Gdynia \u2013 Sopot, temat: &#8222;S\u0105siedzi&#8221;<\/td>\n<td>Tr\u00f3jmiejske Stowarzyszenie Esperantyst\u00f3w  TORENTO<br \/>\n<a href=\"mailto:torentosopot@wp.pl\">torentosopot@wp.pl<\/a>, <a href=\"https:\/\/sites.google.com\/site\/esperantowsopocie\">https:\/\/sites.google.com\/site\/esperantowsopocie<\/a>\/ FB \u2013 Esperanto Sopot.pl<\/td>\n<\/tr>\n<tr>\n<td>20-22.09. 2019<\/td>\n<td>35. Artystyczne Konfrontacje w Esperanto \u201eArkones 2019\u201d w Poznaniu<\/td>\n<td>E-SENCO Kultur-Socia Societo imienia Ludwika Zamenhofa w Poznaniu. <a href=\"http:\/\/www.arkones.org\/eo\">http:\/\/www.arkones.org\/eo<\/a>\/<\/td>\n<\/tr>\n<tr>\n<td>11-13.10.2019<\/td>\n<td>43. Modlitwy Esperantyst\u00f3w w Cz\u0119stochowie<\/td>\n<td>Polska sekcja IKUE, <a href=\"mailto:pomer@wp.pl\">pomer@wp.pl<\/a><\/td>\n<\/tr>\n<tr>\n<td>9-11.11.2019<\/td>\n<td>Esperanckie spotkanie GRUPE &#8211; 23 en Gliwice<\/td>\n<td>PZE, oddzia\u0142 w Gliwicach, <a href=\"mailto:stanislaw.mandrak@gmail.com\">stanislaw.mandrak@gmail.com<\/a> a\u016d: <a href=\"mailto:staman@ka.onet.pl\">staman@ka.onet.pl<\/a><\/td>\n<\/tr>\n<tr>\n<td>6-7.12.2019<\/td>\n<td>4. Esperancki konkurs \u201cS\u0142owo pi\u0119kne w Esperanto\u201d, Wroc\u0142aw<\/td>\n<td>Centrum Edukacji Mi\u0119dzykulturowej \/ <a href=\"mailto:informado.eo@gmail.com\">informado.eo@gmail.com<\/a> \/ Ma\u0142gosia Komarnicka<\/td>\n<\/tr>\n<tr>\n<td>13-15.12.2019<\/td>\n<td>20 Bia\u0142ostockie Dni Zamenhofa w Bia\u0142ymstoku<\/td>\n<td>Bia\u0142ostockie Esperanckie Stowarzyszenie,<br \/>\n<a href=\"mailto:kontakt@espero.bialystok.pl\">kontakt@espero.bialystok.pl<\/a><\/td>\n<\/tr>\n<tr>\n<td>27.12.2019-3.01.2020<\/td>\n<td>11. JES Tydzie\u0144 M\u0142odzie\u017cy Esperanckiej w G\u0142ucho\u0142azach.<\/td>\n<td>Polska M\u0142odzie\u017c Esperancka, <a href=\"http:\/\/www.junularo.pl\">www.junularo.pl<\/a><\/td>\n<\/tr>\n<tr>\n<td>09.05.2020<\/td>\n<td>Esperanckie stoisko podczas 24. Naukowego Pikniku w Warszawie przy Stadionie Narodowym \u201ePGE Narodowy\u201d<\/td>\n<td>Warszawski  Oddzia\u0142 Polskiego Zwi\u0105zku Esperantyst\u00f3w, <a href=\"mailto:alvamo@wp.pl\">alvamo@wp.pl<\/a><\/td>\n<\/tr>\n<\/tbody>\n<\/table>\n<h4><\/h4>\n<p>&nbsp;<\/p>\n<h4 style=\"text-align: center;\">Popularne Esperanto-imprezy w s\u0105siednich krajach w 2019<\/h4>\n<p>&nbsp;<\/p>\n<table>\n<tbody>\n<tr>\n<td width=\"120\"><b>Data<\/b><\/td>\n<td width=\"380\"><b>Impreza<\/b><\/td>\n<td width=\"380\"><b>Oragnizatorzy<\/b><\/td>\n<\/tr>\n<tr>\n<td>27.12-3.01.2019<\/td>\n<td>17. Spotkania Noworoczne (NR) &#8211; en Wiesbaden, Germanio<\/td>\n<td>EsperantoLand, Lu Wunsch-Rolshoven, Wiclefstr. 9, 10551 Berlin. <a href=\"mailto:lu.esperanto@gmx.de\">lu.esperanto@gmx.de<\/a><\/td>\n<\/tr>\n<tr>\n<td>27.12-3.01.2019<\/td>\n<td>Luminesk&#8217; &#8211; w K\u00f6nigswinter obok Bonn, Germanio<\/td>\n<td>Andreas Diemel, Andreas Diemel, Bismarckstr. 168, 47057 Duisburg, Germanio.  <a href=\"mailto:andreas.diemel@web.de\">andreas.diemel@web.de<\/a><\/td>\n<\/tr>\n<tr>\n<td>3-7.01.2019<\/td>\n<td>Poludnica 2019, 37. Mi\u0119dzynarodowe Spotkanie esperantyst\u00f3w-podr\u00f3\u017cnik\u00f3w w miejscowo\u015bci Liptovsk\u00fd J\u00e1n, Slovakio<\/td>\n<td>Liptova Esperanto-klubo, \u0160kolsk\u00e1 ul. 4, 031 01 Liptovsk\u00fd Mikul\u00e1\u0161, <a href=\"mailto:poludnica83@gmail.com\">poludnica83@gmail.com<\/a>, <a href=\"http:\/\/www.poludnica.esperanto.sk\">www.poludnica.esperanto.sk<\/a><\/td>\n<\/tr>\n<tr>\n<td>7.04.2019<\/td>\n<td>Tygodniowe Seminarium w Czeskim Raju pensionat Espero w miejscowo\u015bci Skokovy<\/td>\n<td>Jindri\u0161ka Drahotov\u00e1, Sadov\u00e1 745\/36, Mlad\u00e1 Boleslav 293 01. Tel: 420 720 652 320, <a href=\"mailto:drahotovaesperanto@seznam.cz\">drahotovaesperanto@seznam.cz<\/a>, <a href=\"mailto:drahotova@esperanto.cz\">drahotova@esperanto.cz<\/a><\/td>\n<\/tr>\n<tr>\n<td>1-9.05.2019<\/td>\n<td>Esperanckie Spotkanie Czaruj\u0105cy Lw\u00f3w  &#8211; we Lwowie, Ukraina<\/td>\n<td>Volodimir Hordijenko, p\/k 35, Kiev-133, UA-01133, Ukrainio, tel. +38 (097) 4403172, retadreso: <a href=\"mailto:volodomir@ukr.net\">volodomir@ukr.net<\/a><\/td>\n<\/tr>\n<tr>\n<td>9 \u2013 12.05.2019<\/td>\n<td>TEK &#8211; S\u0142owacki Kongres Esperancki &#8211; w Liptovskim Hr\u00e1doku, S\u0142owacja<\/td>\n<td>Esperantsk\u00e1 Feder\u00e1cia, Febru\u00e1rov\u00e1 2, SK-958 01 Partiz\u00e1nske, Slovakio. &#8211; <a href=\"mailto:skef@esperanto.sk\">skef@esperanto.sk<\/a><\/td>\n<\/tr>\n<tr>\n<td>10-16.05.2019<\/td>\n<td>Esperancki-Ob\u00f3z w Kijowie, ETK &#8211; Letnie obozowanie nad g\u0142\u00f3wn\u0105 rzek\u0105Ukrainy &#8211; Dnieprem<\/td>\n<td>Ihor Glagolevsjkij, str. Velika Aranautska 24\/6, Odessa, Ukrainio. &#8211; <a href=\"mailto:tourmaestro79@gmail.com\">tourmaestro79@gmail.com<\/a><\/td>\n<\/tr>\n<tr>\n<td>7-10.06.2019<\/td>\n<td>96. Niemiecki Kongres Esperancki &#8211; w Neum\u00fcnster, Germanio<\/td>\n<td>Deutscher Esperanto-Bund e.V., s-ino Siblle Bauer, Katzbachstr. 25, DE-10965 Berlin.  <a href=\"mailto:siblle.bauer@esperanto.de\">siblle.bauer@esperanto.de<\/a><\/td>\n<\/tr>\n<tr>\n<td>6-14.07.2019<\/td>\n<td>55. Ba\u0142tyckie Dni Esperanckie  &#8211; w Paneve\u017eys, Litwa<\/td>\n<td>Litova Esperanto-Asocio, p.k. 167, LT-44002 Kaunas, Litovio.  <a href=\"mailto:litova.ea@mail.lt\">litova.ea@mail.lt<\/a><\/td>\n<\/tr>\n<tr>\n<td>28.07-04.08.2019<\/td>\n<td>75. Mi\u0119dzynarodowy Kongres M\u0142odzie\u017cowy, IJK w Liptovskim Hr\u00e1doku, S\u0142owacja.<\/td>\n<td>\u015awiatowa Organizacja M\u0142odzie\u017cy Esperanckiej, TEJO.  <a href=\"mailto:ijk2019@tejo.org\">ijk2019@tejo.org<\/a><\/td>\n<\/tr>\n<tr>\n<td>17-20.10.2019<\/td>\n<td>Kongres Czeskiego Esperanta &#8211; Oddzia\u0142  w Brnie, Czechy<\/td>\n<td>Zarz\u0105d  \u0108EA, n\u00e1m\u011bst\u00ed M\u00edru 1, 568 02 Svitavy, \u0108ehio.  <a href=\"mailto:cea@esperanto.cz\">cea@esperanto.cz<\/a><\/td>\n<\/tr>\n<\/tbody>\n<\/table>\n<p style=\"text-align: right;\"><em>Zebra\u0142 Robert Kami\u0144ski,  rk-lodzo@wp.pl,  od  9.4.2019<\/em><\/p>\n<p>&nbsp;<\/p>\n","protected":false},"excerpt":{"rendered":"<p>Polski Zwi\u0105zek Esperantyst\u00f3w publikuj\u0105c list\u0119 esperanckich imprez w Polsce chce wp\u0142ywa\u0107 na ich koordynacj\u0119. Prosimy<\/p>\n","protected":false},"author":8,"featured_media":0,"parent":2570,"menu_order":0,"comment_status":"closed","ping_status":"closed","template":"","meta":{"footnotes":""},"class_list":["post-1464","page","type-page","status-publish","hentry"],"translation":{"provider":"WPGlobus","version":"3.0.1","language":"pl","enabled_languages":["eo","pl"],"languages":{"eo":{"title":true,"content":true,"excerpt":false},"pl":{"title":true,"content":true,"excerpt":false}}},"aioseo_notices":[],"_links":{"self":[{"href":"https:\/\/esperanto.pl\/pl\/wp-json\/wp\/v2\/pages\/1464","targetHints":{"allow":["GET"]}}],"collection":[{"href":"https:\/\/esperanto.pl\/pl\/wp-json\/wp\/v2\/pages"}],"about":[{"href":"https:\/\/esperanto.pl\/pl\/wp-json\/wp\/v2\/types\/page"}],"author":[{"embeddable":true,"href":"https:\/\/esperanto.pl\/pl\/wp-json\/wp\/v2\/users\/8"}],"replies":[{"embeddable":true,"href":"https:\/\/esperanto.pl\/pl\/wp-json\/wp\/v2\/comments?post=1464"}],"version-history":[{"count":3,"href":"https:\/\/esperanto.pl\/pl\/wp-json\/wp\/v2\/pages\/1464\/revisions"}],"predecessor-version":[{"id":5336,"href":"https:\/\/esperanto.pl\/pl\/wp-json\/wp\/v2\/pages\/1464\/revisions\/5336"}],"up":[{"embeddable":true,"href":"https:\/\/esperanto.pl\/pl\/wp-json\/wp\/v2\/pages\/2570"}],"wp:attachment":[{"href":"https:\/\/esperanto.pl\/pl\/wp-json\/wp\/v2\/media?parent=1464"}],"curies":[{"name":"wp","href":"https:\/\/api.w.org\/{rel}","templated":true}]}}