{"id":26,"date":"2017-11-01T22:38:37","date_gmt":"2017-11-01T22:38:37","guid":{"rendered":"http:\/\/esperanto.pl\/?page_id=26"},"modified":"2023-01-09T22:21:21","modified_gmt":"2023-01-09T21:21:21","slug":"esperanto","status":"publish","type":"page","link":"https:\/\/esperanto.pl\/pl\/lingvo\/esperanto","title":{"rendered":"Co to jest esperanto?"},"content":{"rendered":"<p><strong>Esperanto to j\u0119zyk.<\/strong> Mowa \u0142atwa do nauki i logiczna. To id\u0105cy z biegiem czasu pakiet lingwistycznych do\u015bwiadcze\u0144 sprytnie wymy\u015blony, trafny, oddaj\u0105cy wszystkie niuanse my\u015bli ludzkiej.<\/p>\n<p><strong>To tak\u017ce wytworzona na przestrzeni ponad stu lat kultura,<\/strong> otwarta dla ka\u017cdego z nieograniczonym stereotypami rozumem i sercem, to biblioteka pe\u0142na \u015bwiatowej literatury i prasy, codzienne audycje radiowe, filmy, muzyka.<\/p>\n<p><strong>To \u015bwiatopogl\u0105d<\/strong>. Niedostrzeganie r\u00f3\u017cnic dziel\u0105cych rasy, narody, stany i wyznania religijne. To wyprzedzaj\u0105ca nasz\u0105 epok\u0119 przyja\u017a\u0144 oparta na przekonaniu, \u017ce \u015bwiat jest jeden, bez wzgl\u0119du na lini\u0119 granic i systemy polityczne.<\/p>\n<p><strong>To esperanty\u015bci.<\/strong> Ludzie, kt\u00f3rzy porozumiewaj\u0105c si\u0119 w neutralnym dla wszystkich j\u0119zyku ju\u017c dawno znale\u017ali swoje miejsce w krainie po\u0142o\u017conej za oknem otwartym na \u015bwiat.<\/p>\n<p><strong>To trudna do zmierzenia przestrze\u0144 otwarta na kontakt.<\/strong> To j\u0119zyk, kt\u00f3ry powsta\u0142 by \u0142\u0105czy\u0107, nie dzieli\u0107.<\/p>\n<p><strong>W ko\u0144cu to symbol demokracji.<\/strong> Propozycja j\u0119zyka, kt\u00f3ry nie b\u0119d\u0105c w\u0142asno\u015bci\u0105 jakiegokolwiek narodu zapewni kulturowo r\u00f3wne prawa wszystkim. \u015awiat m\u00f3wi\u0105cy po angielsku to dla uznaj\u0105cych ten j\u0119zyk za ojczysty raj, dla pozosta\u0142ych nauka, wydatki na kursy, egzaminy, dyplomy, czasem poczucie ni\u017cszo\u015bci. Nie jest to w porz\u0105dku.<\/p>\n<p><span style=\"font-size: 24pt;\"><strong>Dlaczego warto?<\/strong><\/span><br \/>\n<img loading=\"lazy\" decoding=\"async\" class=\"alignnone size-medium wp-image-3771\" src=\"https:\/\/esperanto.pl\/wp-content\/uploads\/2022\/11\/DSCF4795-300x162.jpg\" alt=\"\" width=\"494\" height=\"273\" \/><\/p>\n<p><strong>Bo warto! Esperanto jest fajne<\/strong>. Boj\u0105cy si\u0119 poryw\u00f3w ideologicznych powiedz\u0105: zyskasz przyjaci\u00f3\u0142, b\u0119dziesz podr\u00f3\u017cowa\u0142, bawi\u0142 si\u0119, spotyka\u0142 z lud\u017ami, godziny sp\u0119dza\u0142 przy komputerze, na komunikatorach, og\u00f3lnie rzecz bior\u0105c cieszy\u0142 si\u0119 faktem kontaktu bez wzgl\u0119du na r\u00f3\u017cnice kulturowe, narodowo\u015bciowe czy j\u0119zykowe. To w\u0142a\u015bnie oferuje Esperanto. Kontakty! Kontakty i co\u015b wi\u0119cej, poniewa\u017c naukowcy udowodnili, \u017ce&#8230;<\/p>\n<p><strong>Jest w tym i ideologia<\/strong>, kt\u00f3r\u0105 mo\u017cna wyrazi\u0107 mniej wi\u0119cej tak: &#8211; Ja mam si\u0119 uczy\u0107 dodatkowego j\u0119zyka? Wydawa\u0107 pieni\u0105dze na ksi\u0105\u017cki, poci\u0107 si\u0119 po nocach wkuwaj\u0105c s\u0142\u00f3wka? To i ty si\u0119 ucz! Co mnie obchodzi, \u017ce jeste\u015b z Nowego Jorku&#8230; To nie m\u00f3j problem! R\u00f3wno\u015b\u0107 j\u0119zykowa! Jak Ci\u00a0 nie odpowiada Esperanto to powiedz: w Szczebrzeszynie chrz\u0105szcz brzmi w trzcinie!<\/p>\n<p><strong>Wszystko czemu\u015b s\u0142u\u017cy<\/strong> i do czego\u015b jest potrzebne. Tak \u015bwiat skonstruowany. Esperanto powsta\u0142o, by \u0142\u0105czy\u0107 ludzi. To proste. I w zasadzie nie trzeba komentarzy. Potrzeba wyobra\u017ani. Wolnego od stereotyp\u00f3w i uprzedze\u0144 otwarcia umys\u0142u na nowe, spojrzenia ponad czas. Niejeden bowiem sp\u0142on\u0105\u0142 za oczywiste teorie. Dzi\u015b stosem jest to samo, co kiedy\u015b. Falowanie z t\u0142umem, kt\u00f3ry krzyczy: spali\u0107, bo herezja! Nie pomog\u0105 wi\u0119c argumenty. Odpowiedz sobie sam, czy i do czego jest Ci potrzebne Esperanto?<\/p>\n<p><strong>Na stronie esperanto.pl znajdziesz sporo informacji<\/strong>, kt\u00f3re pomog\u0105 Ci dowiedzie\u0107 si\u0119 czego\u015b na ten temat. Je\u015bli szukasz informacji &#8211; postaramy si\u0119 odpowiedzie\u0107, je\u015bli brakuje jakiej\u015b tre\u015bci zasugeruj j\u0105 nam. My wiemy, do czego nam Esperanto. By\u0107 mo\u017ce nasz punkt widzenia trafi i do Ciebie \ud83d\ude42<\/p>\n","protected":false},"excerpt":{"rendered":"<p>Esperanto to j\u0119zyk. Mowa \u0142atwa do nauki i logiczna. To id\u0105cy z biegiem czasu pakiet<\/p>\n","protected":false},"author":8,"featured_media":3768,"parent":2549,"menu_order":0,"comment_status":"closed","ping_status":"closed","template":"","meta":{"footnotes":""},"class_list":["post-26","page","type-page","status-publish","has-post-thumbnail","hentry"],"translation":{"provider":"WPGlobus","version":"3.0.1","language":"pl","enabled_languages":["eo","pl"],"languages":{"eo":{"title":true,"content":true,"excerpt":false},"pl":{"title":true,"content":true,"excerpt":false}}},"aioseo_notices":[],"_links":{"self":[{"href":"https:\/\/esperanto.pl\/pl\/wp-json\/wp\/v2\/pages\/26","targetHints":{"allow":["GET"]}}],"collection":[{"href":"https:\/\/esperanto.pl\/pl\/wp-json\/wp\/v2\/pages"}],"about":[{"href":"https:\/\/esperanto.pl\/pl\/wp-json\/wp\/v2\/types\/page"}],"author":[{"embeddable":true,"href":"https:\/\/esperanto.pl\/pl\/wp-json\/wp\/v2\/users\/8"}],"replies":[{"embeddable":true,"href":"https:\/\/esperanto.pl\/pl\/wp-json\/wp\/v2\/comments?post=26"}],"version-history":[{"count":16,"href":"https:\/\/esperanto.pl\/pl\/wp-json\/wp\/v2\/pages\/26\/revisions"}],"predecessor-version":[{"id":4014,"href":"https:\/\/esperanto.pl\/pl\/wp-json\/wp\/v2\/pages\/26\/revisions\/4014"}],"up":[{"embeddable":true,"href":"https:\/\/esperanto.pl\/pl\/wp-json\/wp\/v2\/pages\/2549"}],"wp:featuredmedia":[{"embeddable":true,"href":"https:\/\/esperanto.pl\/pl\/wp-json\/wp\/v2\/media\/3768"}],"wp:attachment":[{"href":"https:\/\/esperanto.pl\/pl\/wp-json\/wp\/v2\/media?parent=26"}],"curies":[{"name":"wp","href":"https:\/\/api.w.org\/{rel}","templated":true}]}}