{"id":2895,"date":"2022-10-10T00:55:45","date_gmt":"2022-10-09T23:55:45","guid":{"rendered":"http:\/\/esperanto.pl\/?page_id=2895"},"modified":"2024-04-10T15:48:47","modified_gmt":"2024-04-10T14:48:47","slug":"pek-2023","status":"publish","type":"page","link":"https:\/\/esperanto.pl\/pl\/eventoj\/pola-esperanto-kongreso\/pek-2023","title":{"rendered":"40. Polski Kongres Esperancki (w Siedlcach)"},"content":{"rendered":"<p><span style=\"font-size: 14pt; font-family: arial, helvetica, sans-serif;\">40-sty Polski Kongres Esperantyst\u00f3w 2023 odb\u0119dzie si\u0119 w Siedlcach (20-23.07.2023)<\/span><\/p>\n<p><span style=\"font-size: 14pt; font-family: arial, helvetica, sans-serif;\">Kliknij w linki, aby dowiedzie\u0107 si\u0119 wi\u0119cej:<br \/>\n<a href=\"https:\/\/esperanto.pl\/eventoj\/pola-esperanto-kongreso\/pek-2023\/pri-siedlce\">O Siedlcach &#8211; miejsce kongresu, nocleg, mapa<\/a><\/span><br \/>\n<span style=\"font-size: 14pt; font-family: arial, helvetica, sans-serif;\"><a href=\"https:\/\/esperanto.pl\/eventoj\/pola-esperanto-kongreso\/pek-2023\/programo\">Program prowizoryczny<\/a><\/span><br \/>\n<span style=\"font-size: 14pt; font-family: arial, helvetica, sans-serif;\"><a href=\"https:\/\/esperanto.pl\/eventoj\/pola-esperanto-kongreso\/pek-2023\/kotizoj\">Koszt uczestnictwa<\/a><\/span><br \/>\n<span style=\"font-size: 14pt; font-family: arial, helvetica, sans-serif;\"><a href=\"https:\/\/esperanto.pl\/eventoj\/pola-esperanto-kongreso\/pek-2023\/ekskurso\">Wycieczka<\/a><\/span><br \/>\n<span style=\"font-size: 14pt; font-family: arial, helvetica, sans-serif;\"><strong><a href=\"https:\/\/esperanto.pl\/eventoj\/pola-esperanto-kongreso\/pek-2023\/aligxilo\">Elektroniczny formularz zapisowy<\/a><\/strong><\/span><br \/>\n<span style=\"font-size: 14pt; font-family: arial, helvetica, sans-serif;\"><a href=\"https:\/\/esperanto.pl\/eventoj\/pola-esperanto-kongreso\/pek-2023\/aligxintoj\">Lista uczestnik\u00f3w<\/a><br \/>\n<a href=\"https:\/\/esperanto.pl\/2023\/02\/13\/unua-bulteno-kaj-papera-aligxilo-al-40a-pek\"><strong>Pierwszy biuletyn<\/strong><\/a><\/span><\/p>\n","protected":false},"excerpt":{"rendered":"<p>40-sty Polski Kongres Esperantyst\u00f3w 2023 odb\u0119dzie si\u0119 w Siedlcach (20-23.07.2023) Kliknij w linki, aby dowiedzie\u0107<\/p>\n","protected":false},"author":8,"featured_media":0,"parent":2604,"menu_order":0,"comment_status":"closed","ping_status":"closed","template":"","meta":{"footnotes":""},"class_list":["post-2895","page","type-page","status-publish","hentry"],"translation":{"provider":"WPGlobus","version":"3.0.1","language":"pl","enabled_languages":["eo","pl"],"languages":{"eo":{"title":true,"content":true,"excerpt":false},"pl":{"title":true,"content":true,"excerpt":false}}},"aioseo_notices":[],"_links":{"self":[{"href":"https:\/\/esperanto.pl\/pl\/wp-json\/wp\/v2\/pages\/2895","targetHints":{"allow":["GET"]}}],"collection":[{"href":"https:\/\/esperanto.pl\/pl\/wp-json\/wp\/v2\/pages"}],"about":[{"href":"https:\/\/esperanto.pl\/pl\/wp-json\/wp\/v2\/types\/page"}],"author":[{"embeddable":true,"href":"https:\/\/esperanto.pl\/pl\/wp-json\/wp\/v2\/users\/8"}],"replies":[{"embeddable":true,"href":"https:\/\/esperanto.pl\/pl\/wp-json\/wp\/v2\/comments?post=2895"}],"version-history":[{"count":14,"href":"https:\/\/esperanto.pl\/pl\/wp-json\/wp\/v2\/pages\/2895\/revisions"}],"predecessor-version":[{"id":5347,"href":"https:\/\/esperanto.pl\/pl\/wp-json\/wp\/v2\/pages\/2895\/revisions\/5347"}],"up":[{"embeddable":true,"href":"https:\/\/esperanto.pl\/pl\/wp-json\/wp\/v2\/pages\/2604"}],"wp:attachment":[{"href":"https:\/\/esperanto.pl\/pl\/wp-json\/wp\/v2\/media?parent=2895"}],"curies":[{"name":"wp","href":"https:\/\/api.w.org\/{rel}","templated":true}]}}