{"id":4069,"date":"2023-02-19T03:23:25","date_gmt":"2023-02-19T02:23:25","guid":{"rendered":"https:\/\/esperanto.pl\/?page_id=4069"},"modified":"2023-07-19T13:30:43","modified_gmt":"2023-07-19T12:30:43","slug":"programo","status":"publish","type":"page","link":"https:\/\/esperanto.pl\/pl\/eventoj\/pola-esperanto-kongreso\/pek-2023\/programo","title":{"rendered":"Program 40-ego PEK"},"content":{"rendered":"<p><strong>Programo de la Kongresu (aktualizacja 19.07.2023)<br \/>\n<\/strong><br \/>\n<strong>20.7.2023 \u0134a\u016ddo<span style=\"color: #f0720c;\"> (<\/span><span style=\"color: #f0720c;\">Parking przy Bibliotece UPH)<\/span><\/strong><br \/>\n<span style=\"color: #f0720c;\"><strong>8:30<\/strong> \u2013<\/span> alveno al buso anta\u016d la tranoktejo, <strong>9:00<\/strong> &#8211; forveturo, reveno \u0109irka\u016d <strong>18:00<\/strong><br \/>\n<strong>Busvoja\u011do tra regiono de Siedlce<\/strong><\/p>\n<p><strong>21.7.2023 Vendredo <span style=\"color: #008000;\">(Aula 101 Biblioteki UPH, ul. Ksi\u0119dza Jerzego Popieluszki 9)<\/span><\/strong><br \/>\n<strong><span style=\"color: #008000;\">9:30<\/span><\/strong> &#8211; <strong>Otwarcie Kongresu<\/strong><br \/>\n<span style=\"color: #008000;\"><strong>9:45<\/strong><\/span> &#8211; Dorota M\u0105czka &#8211; \u201e<strong>Historia i zabytki Siedlec<\/strong>\u201d<br \/>\n<span style=\"color: #008000;\"><strong>10:30<\/strong><\/span> &#8211; S\u0142awomir Kordaczuk &#8211; \u201e<strong>Walory turystyczne okolic Siedlec<\/strong>\u201d<br \/>\n<span style=\"color: #008000;\"><strong>11:15 &#8211; 12:15<\/strong><\/span> Maciej Jaskot &#8211; \u201e<strong>Ni flegu nian lingvon\u201d &#8211; \u0109irka\u016dlingvaj pripensoj pri pli altnivela lingvouzo.<\/strong><br \/>\n<span style=\"color: #993366;\"><strong>12:15<\/strong> <strong>(koridoro anta\u016d a\u016dlo) <\/strong><\/span>&#8211; Kafo-pa\u016dzo<br \/>\n<strong><span style=\"color: #008000;\">12:30 &#8211; 13:15<\/span><\/strong> &#8211; Agnieszka Baczkura, &#8211; \u201e<strong>Historia ruchu esperanckiego w Siedlcach<\/strong>\u201d<br \/>\n<span style=\"color: #008000;\"><strong>13:15 &#8211; 14:00<\/strong> <\/span>&#8211; Roman Dobrzy\u0144ski &#8211; \u201e<strong>Ada Sikorska i Siedlce<\/strong>\u201d, <strong>film &#8222;Litvo, Patrujo mia&#8221;<\/strong><strong><span style=\"color: #ff0000;\"><br \/>\n14:00 &#8211; 15:00<\/span><\/strong> &#8211; Tagman\u011da pa\u016dzo <span style=\"color: #ff0000;\">(Sto\u0142\u00f3wka UPH ul. \u017bytnia 39)<\/span><strong><span style=\"color: #ff0000;\"><br \/>\n<\/span><\/strong><br \/>\n<strong><span style=\"color: #008000;\">15:00 &#8211; 16<\/span><span style=\"color: #008000;\">:00<\/span><span style=\"color: #008000;\"> (Aula 101)<\/span><\/strong> &#8211;\u00a0Kamil Getka &#8211; warsztaty: szukanie pomys\u0142\u00f3w na ciekawe wydarzenia<br \/>\n<strong><span style=\"color: #008000;\">16:00 &#8211; 16:30<\/span> <\/strong>&#8211; Ivana Karasowa, Tadeusz Karas &#8211; <strong>koncert<\/strong><br \/>\n<strong><span style=\"color: #008000;\">16:30 &#8211; 17:00<\/span> <\/strong>\u2013 Ensemblo \u201eZ\u0142ote K\u0142osy\u201d &#8211; <strong>koncert<\/strong><br \/>\n<span style=\"color: #008000;\"><strong>17:00 &#8211; 17:30<\/strong><\/span> &#8211; Wojciech \u0141awnikowicz &#8211; <strong>koncert<\/strong><br \/>\n<span style=\"color: #ff0000;\"><strong>18:00<\/strong> (Sto\u0142\u00f3wka UPH ul. \u017bytnia 39)<\/span> &#8211; <strong>Festado de 115-a jubileo de E-movado en Siedlce<\/strong> &#8211; en programo: kantado kun Halina R\u00f3\u017canek, jubilea torto, tuberkuko, kafo<\/p>\n<p><strong>22.7.2023 Sabato<\/strong><br \/>\n<span style=\"color: #993300;\"><strong>7:00 \u2013 8:00<\/strong> <strong>(\u0142\u0105czka przed akademikiem) <\/strong><\/span>Marek A. Miedziewski &#8211; <strong>Kundalini Joga<\/strong><br \/>\n<strong><span style=\"color: #000000;\">10:00 \u2013 14:00 <\/span>Zwiedzanie Siedlec i muzeum diecezjalnego<\/strong><br \/>\n<strong><span style=\"color: #008000;\">11:00 &#8211; 13:00 (Aula 101 Biblioteki UPH)<\/span>\u00a0<\/strong>&#8211; Kamil Getka &#8211;<strong> \u201eOdkryj esperanto -spotkanie dla mieszka\u0144c\u00f3w Siedlec\u201d<\/strong><br \/>\n<strong><span style=\"color: #ff0000;\">14:00 &#8211; 15:00<\/span><\/strong> &#8211; Tagman\u011da pa\u016dzo <span style=\"color: #ff0000;\">(Sto\u0142\u00f3wka UPH ul. \u017bytnia 39)<br \/>\n<\/span><\/p>\n<p><span style=\"color: #339966;\"><strong><span style=\"color: #008000;\">15:00 &#8211; 15:30<\/span><\/strong> <strong>(<span style=\"color: #008000;\">Aula 101 Biblioteki UPH<\/span>)<\/strong><\/span> &#8211; Andrzej Sochacki &#8211;<strong> \u201eEdvardo Wiesenfeld &#8211; \u0109u li travivis militon?\u201d<\/strong><br \/>\n<strong><span style=\"color: #800080;\">15:00<\/span> &#8211;<\/strong> || <strong><span style=\"color: #800080;\">(koridoro anta\u016d a\u016dlo)<\/span><\/strong> Kamil Getka &#8211; <strong>dyskusja o popularyzacji esperanta<\/strong><br \/>\n<span style=\"color: #008000;\"><strong>15:30 &#8211; 15:50<\/strong><\/span> &#8211; Halina Kuropatnicka-Salamon &#8211; <strong>k\u0105cik poetycki<\/strong><br \/>\n<strong><span style=\"color: #008000;\">16:00 &#8211; 17:30<\/span><\/strong> &#8211; <strong>KA\u015cI<\/strong> &#8211; Karsten Schnathorst &#8211; <strong>koncert<\/strong><br \/>\n<span style=\"color: #0000ff;\"><strong>18:00 &#8211; 19:00<\/strong><\/span> <strong><span style=\"color: #0000ff;\">(Pre\u011dejo al Sankta Jozefo str. Soko\u0142owska 124)<\/span><\/strong><strong> Msza polsko-esperancka &#8211; celebros pastro Roman Gmyrek<\/strong><br \/>\nPost la meso <strong>koncerto de la \u0125oro<\/strong> je la nomo Patro Piotr Sadownik el paro\u0125o al St. Tereza de la Infano Jesuo kaj <strong>koncerto<\/strong> de Wojciech \u0141awnikowicz<\/p>\n<p><strong>23.7.2023 Diman\u0109o<\/strong><br \/>\n<span style=\"color: #993300;\"><strong>7:00 \u2013 8:00<\/strong> <strong>(\u0142\u0105czka przed akademikiem) <\/strong><\/span>Marek A. Miedziewski &#8211; <strong>Kundalini Joga<\/strong><br \/>\n<strong><span style=\"color: #008000;\">10:00 (Aula 101 Biblioteki UPH)<\/span><\/strong> \u2013 John Magessa el Tanzanio &#8211;\u00a0<strong>\u201ePrezento de Aru\u015dha &#8211; la urbo de la <\/strong><strong>Universala Kongreso en 2024\u201d<\/strong><br \/>\n<span style=\"color: #008000;\"><strong>11:15<\/strong><\/span> &#8211; Robert Kami\u0144ski &#8211; <strong>Dyskusja o Pola Esperantisto<\/strong><br \/>\n<span style=\"color: #008000;\"><strong>12:00<\/strong> <\/span>&#8211; \u015awi\u0119tos\u0142aw Fortuna &#8211; <strong>\u201ePrezentacja Kalisza jako miejsca kolejnego Polskiego Kongresu Esperanckiego w 2024\u201d<\/strong><br \/>\n<span style=\"color: #008000;\"><strong>12:30<\/strong><\/span> &#8211;<strong> Podsumowanie i zamkni\u0119cie Kongresu<\/strong><\/p>\n","protected":false},"excerpt":{"rendered":"<p>Programo de la Kongresu (aktualizacja 19.07.2023) 20.7.2023 \u0134a\u016ddo (Parking przy Bibliotece UPH) 8:30 \u2013 alveno<\/p>\n","protected":false},"author":1,"featured_media":0,"parent":2895,"menu_order":0,"comment_status":"closed","ping_status":"closed","template":"","meta":{"footnotes":""},"class_list":["post-4069","page","type-page","status-publish","hentry"],"translation":{"provider":"WPGlobus","version":"3.0.1","language":"pl","enabled_languages":["eo","pl"],"languages":{"eo":{"title":true,"content":true,"excerpt":false},"pl":{"title":true,"content":true,"excerpt":false}}},"aioseo_notices":[],"_links":{"self":[{"href":"https:\/\/esperanto.pl\/pl\/wp-json\/wp\/v2\/pages\/4069","targetHints":{"allow":["GET"]}}],"collection":[{"href":"https:\/\/esperanto.pl\/pl\/wp-json\/wp\/v2\/pages"}],"about":[{"href":"https:\/\/esperanto.pl\/pl\/wp-json\/wp\/v2\/types\/page"}],"author":[{"embeddable":true,"href":"https:\/\/esperanto.pl\/pl\/wp-json\/wp\/v2\/users\/1"}],"replies":[{"embeddable":true,"href":"https:\/\/esperanto.pl\/pl\/wp-json\/wp\/v2\/comments?post=4069"}],"version-history":[{"count":31,"href":"https:\/\/esperanto.pl\/pl\/wp-json\/wp\/v2\/pages\/4069\/revisions"}],"predecessor-version":[{"id":4621,"href":"https:\/\/esperanto.pl\/pl\/wp-json\/wp\/v2\/pages\/4069\/revisions\/4621"}],"up":[{"embeddable":true,"href":"https:\/\/esperanto.pl\/pl\/wp-json\/wp\/v2\/pages\/2895"}],"wp:attachment":[{"href":"https:\/\/esperanto.pl\/pl\/wp-json\/wp\/v2\/media?parent=4069"}],"curies":[{"name":"wp","href":"https:\/\/api.w.org\/{rel}","templated":true}]}}